{"id":109,"date":"2022-12-12T17:10:45","date_gmt":"2022-12-12T17:10:45","guid":{"rendered":"http:\/\/www.meike-fischer.de\/?page_id=109"},"modified":"2025-08-18T19:23:11","modified_gmt":"2025-08-18T19:23:11","slug":"vita","status":"publish","type":"page","link":"http:\/\/www.meike-fischer.de\/?page_id=109","title":{"rendered":"Vita"},"content":{"rendered":"<div class=\"wp-block-image\">\n<figure class=\"alignleft size-full\"><img loading=\"lazy\" decoding=\"async\" width=\"204\" height=\"268\" src=\"http:\/\/www.meike-fischer.de\/wp-content\/uploads\/2023\/06\/meike-fischer-analog.jpg\" alt=\"\" class=\"wp-image-456\"\/><\/figure>\n<\/div>\n\n\n<h3 class=\"wp-block-heading has-text-color\" style=\"color:#83929d\">Meike Fischer<\/h3>\n\n\n\n<p>Studium an der <strong>Hochschule f\u00fcr Gestaltung <\/strong>(HfG)<strong> Offenbach am Main<\/strong>: Malerei und Audiovisuelle Medien (Schwerpunkt Fotografie)<br> Abschluss als Diplom-Designerin<\/p>\n\n\n\n<p>Freischaffend k\u00fcnstlerisch t\u00e4tig in den Bereichen <br><strong>Fotografie, Malerei, Illustration<\/strong><\/p>\n\n\n\n<p><strong>Dokumentarfotografin<\/strong> mit Schwerpunkt auf dem st\u00e4dtebaulichen Wandel in Frankfurt am Main. Projekte aus dieser Arbeit befinden sich in der Sammlung des Historischen Museums Frankfurt. <br>Eine Auswahl der Arbeiten zu diesem Schwerpunkt wurde unter dem Titel &#8222;Baustelle Frankfurt&#8220; in der Reihe &#8222;Blickwechsel&#8220;  sowie der Schau &#8222;Stadt der Fotografinnen&#8220; im Historischen Museum Frankfurt und der Heussenstamm-Galerie ausgestellt.<\/p>\n\n\n\n<p><strong>Fotografische Essays<\/strong>, Dokumentationen und Projektarbeit, u.a. f\u00fcr das Historische Museum Frankfurt, Philosophie Magazin, Bundeszentrale f\u00fcr Politische Bildung, Frankfurter Rundschau Magazin.<\/p>\n\n\n\n<p><strong>Hochschuldozentin<\/strong> f\u00fcr Usability\/Webdesign und User Experience Ergonomie (FOM Frankfurt) sowie Anwendungssoftware und Grundlagen der Programmierung (Frankfurt University Of Applied Sciences). <\/p>\n\n\n\n<p><\/p>\n\n\n\n<p><\/p>\n\n\n\n<p><\/p>\n\n\n\n<p><\/p>\n","protected":false},"excerpt":{"rendered":"<p>Meike Fischer Studium an der Hochschule f\u00fcr Gestaltung (HfG) Offenbach am Main: Malerei und Audiovisuelle Medien (Schwerpunkt Fotografie) Abschluss als Diplom-Designerin Freischaffend k\u00fcnstlerisch t\u00e4tig in den Bereichen Fotografie, Malerei, Illustration Dokumentarfotografin mit Schwerpunkt auf dem st\u00e4dtebaulichen Wandel in Frankfurt am Main. Projekte aus dieser Arbeit befinden sich in der Sammlung des Historischen Museums Frankfurt. Eine&hellip; <a class=\"more-link\" href=\"http:\/\/www.meike-fischer.de\/?page_id=109\"><span class=\"screen-reader-text\">Vita<\/span> weiterlesen<\/a><\/p>\n","protected":false},"author":1,"featured_media":0,"parent":0,"menu_order":0,"comment_status":"closed","ping_status":"closed","template":"","meta":{"footnotes":""},"class_list":["post-109","page","type-page","status-publish","hentry","entry"],"_links":{"self":[{"href":"http:\/\/www.meike-fischer.de\/index.php?rest_route=\/wp\/v2\/pages\/109","targetHints":{"allow":["GET"]}}],"collection":[{"href":"http:\/\/www.meike-fischer.de\/index.php?rest_route=\/wp\/v2\/pages"}],"about":[{"href":"http:\/\/www.meike-fischer.de\/index.php?rest_route=\/wp\/v2\/types\/page"}],"author":[{"embeddable":true,"href":"http:\/\/www.meike-fischer.de\/index.php?rest_route=\/wp\/v2\/users\/1"}],"replies":[{"embeddable":true,"href":"http:\/\/www.meike-fischer.de\/index.php?rest_route=%2Fwp%2Fv2%2Fcomments&post=109"}],"version-history":[{"count":23,"href":"http:\/\/www.meike-fischer.de\/index.php?rest_route=\/wp\/v2\/pages\/109\/revisions"}],"predecessor-version":[{"id":1031,"href":"http:\/\/www.meike-fischer.de\/index.php?rest_route=\/wp\/v2\/pages\/109\/revisions\/1031"}],"wp:attachment":[{"href":"http:\/\/www.meike-fischer.de\/index.php?rest_route=%2Fwp%2Fv2%2Fmedia&parent=109"}],"curies":[{"name":"wp","href":"https:\/\/api.w.org\/{rel}","templated":true}]}}