{"id":248,"date":"2023-06-18T17:37:05","date_gmt":"2023-06-18T17:37:05","guid":{"rendered":"http:\/\/www.meike-fischer.de\/?page_id=248"},"modified":"2025-08-19T15:07:21","modified_gmt":"2025-08-19T15:07:21","slug":"abriss-frankfurt","status":"publish","type":"page","link":"http:\/\/www.meike-fischer.de\/?page_id=248","title":{"rendered":"Abriss Frankfurt"},"content":{"rendered":"\n<p>Die Langzeitdokumentation &#8222;Abriss Frankfurt&#8220; erforscht mit fotografischen Mitteln den st\u00e4dtebaulichen Wandel und die Gentrifizierung im urbanen Raum in Frankfurt am Main. <br>Fotografien verschiedener Themenschwerpunkte aus dieser Serie <br>(u. a. der Umbau der ehemalige Gro\u00dfmarkthalle) befinden sich in der Sammlung des Historischen Museums Frankfurt und wurden dort bereits mehrfach in Ausstellungen pr\u00e4sentiert.<\/p>\n\n\n\n<figure class=\"wp-block-image size-full\"><img loading=\"lazy\" decoding=\"async\" width=\"768\" height=\"576\" src=\"http:\/\/www.meike-fischer.de\/wp-content\/uploads\/2025\/08\/hmf-blickwechsel-1-768x576-goldt.jpg\" alt=\"\" class=\"wp-image-1051\" srcset=\"http:\/\/www.meike-fischer.de\/wp-content\/uploads\/2025\/08\/hmf-blickwechsel-1-768x576-goldt.jpg 768w, http:\/\/www.meike-fischer.de\/wp-content\/uploads\/2025\/08\/hmf-blickwechsel-1-768x576-goldt-300x225.jpg 300w\" sizes=\"auto, (max-width: 768px) 100vw, 768px\" \/><\/figure>\n\n\n\n<p class=\"has-text-align-center has-text-color has-link-color has-extra-small-font-size wp-elements-8e327d69c65275ef855ebfc38b0d3ad7\" style=\"color:#44869e\">&#8222;Baustelle Frankfurt&#8220; (Fotografien aus dem Langzeitprojekt &#8222;Abriss Frankfurt&#8220;, die den Umbau der ehemaligen Gro\u00dfmarkthalle in Frankfurt untersuchen im Historischen Museum Frankfurt, 2019-2021)<\/p>\n\n\n\n<hr class=\"wp-block-separator has-alpha-channel-opacity\"\/>\n\n\n\n<p>&#8222;Die Fotok\u00fcnstlerin Meike Fischer dokumentierte von 2008 bis 2015 den Teilabriss und Umbau der Frankfurter Gro\u00dfmarkthalle sowie den Neubau der Europ\u00e4ischen Zentralbank EZB.\u00a0<\/p>\n\n\n\n<p>Die Fotografien (&#8230;) veranschaulichen Teile des st\u00e4dtebaulichen Umwandlungsprozesses im Frankfurter Ostend. Dieser wird aber nicht als architekturfotografische Dokumentation des Bauprozesses gezeigt. Die Detailstudien zur Baustelle und die panoramatischen \u00dcbersichten sind vielmehr als kritischer Kommentar zu verstehen. So wird die architektonische \u00dcberw\u00e4ltigung der 1928 von Martin Els\u00e4sser erbauten Gro\u00dfmarkthalle durch das neue EZB Hochhaus ganz sinnf\u00e4llig nachvollziehbar. Und nach dem Abriss der Wohnh\u00e4user und des Eroscenters aus der Nachkriegszeit ist die soziale Umformung des Stadtviertels an den neuen Fassaden der Wohn- und Gesch\u00e4ftsarchitektur bildlich ablesbar. Die Fotoserie begleitet damit die Debatte um eine der umstrittensten Bauma\u00dfnahmen Frankfurts in k\u00fcnstlerisch visueller Weise.&#8220;<\/p>\n\n\n\n<p class=\"has-text-color has-link-color has-small-font-size wp-elements-c20ccbd751ef1f120de80c7686e7b8b4\" style=\"color:#44869e\">Martha Caspers, Begleittext zur Ausstellung Blickwechsel \u2013 \u201eBaustelle Frankfurt\u201c (im Historischen Museum war eine Bildauswahl aus der Dokumentation &#8222;Abriss Frankfurt&#8220; zu sehen )<\/p>\n\n\n\n<hr class=\"wp-block-separator has-alpha-channel-opacity\"\/>\n\n\n<div class=\"wp-block-image\">\n<figure class=\"aligncenter size-full\"><img loading=\"lazy\" decoding=\"async\" width=\"600\" height=\"399\" src=\"http:\/\/www.meike-fischer.de\/wp-content\/uploads\/2023\/06\/meike-fischer-_DSC4635-600x399-1.jpg\" alt=\"\" class=\"wp-image-495\" srcset=\"http:\/\/www.meike-fischer.de\/wp-content\/uploads\/2023\/06\/meike-fischer-_DSC4635-600x399-1.jpg 600w, http:\/\/www.meike-fischer.de\/wp-content\/uploads\/2023\/06\/meike-fischer-_DSC4635-600x399-1-300x200.jpg 300w\" sizes=\"auto, (max-width: 600px) 100vw, 600px\" \/><\/figure>\n<\/div>\n\n\n<figure class=\"wp-block-gallery alignwide has-nested-images columns-default is-cropped wp-block-gallery-1 is-layout-flex wp-block-gallery-is-layout-flex\" style=\"padding-top:var(--wp--preset--spacing--50);padding-right:var(--wp--preset--spacing--50);padding-bottom:var(--wp--preset--spacing--50);padding-left:var(--wp--preset--spacing--50)\">\n<figure class=\"wp-block-image size-full\"><img loading=\"lazy\" decoding=\"async\" width=\"600\" height=\"394\" data-id=\"251\" src=\"http:\/\/www.meike-fischer.de\/wp-content\/uploads\/2023\/06\/meike-fischer-abriss-frankfurt-13.png\" alt=\"\" class=\"wp-image-251\" srcset=\"http:\/\/www.meike-fischer.de\/wp-content\/uploads\/2023\/06\/meike-fischer-abriss-frankfurt-13.png 600w, http:\/\/www.meike-fischer.de\/wp-content\/uploads\/2023\/06\/meike-fischer-abriss-frankfurt-13-300x197.png 300w\" sizes=\"auto, (max-width: 600px) 100vw, 600px\" \/><\/figure>\n\n\n\n<figure class=\"wp-block-image size-full\"><img loading=\"lazy\" decoding=\"async\" width=\"800\" height=\"532\" data-id=\"481\" src=\"http:\/\/www.meike-fischer.de\/wp-content\/uploads\/2023\/06\/meike-fischer-_DSC2105-1920x1277-1.jpg\" alt=\"\" class=\"wp-image-481\" srcset=\"http:\/\/www.meike-fischer.de\/wp-content\/uploads\/2023\/06\/meike-fischer-_DSC2105-1920x1277-1.jpg 800w, http:\/\/www.meike-fischer.de\/wp-content\/uploads\/2023\/06\/meike-fischer-_DSC2105-1920x1277-1-300x200.jpg 300w, http:\/\/www.meike-fischer.de\/wp-content\/uploads\/2023\/06\/meike-fischer-_DSC2105-1920x1277-1-768x511.jpg 768w\" sizes=\"auto, (max-width: 800px) 100vw, 800px\" \/><\/figure>\n<\/figure>\n\n\n\n<figure class=\"wp-block-image size-large\"><img loading=\"lazy\" decoding=\"async\" width=\"681\" height=\"1024\" src=\"http:\/\/www.meike-fischer.de\/wp-content\/uploads\/2023\/08\/meike-fischer-_DSC7449-681x1024.jpg\" alt=\"\" class=\"wp-image-600\" srcset=\"http:\/\/www.meike-fischer.de\/wp-content\/uploads\/2023\/08\/meike-fischer-_DSC7449-681x1024.jpg 681w, http:\/\/www.meike-fischer.de\/wp-content\/uploads\/2023\/08\/meike-fischer-_DSC7449-200x300.jpg 200w, http:\/\/www.meike-fischer.de\/wp-content\/uploads\/2023\/08\/meike-fischer-_DSC7449-768x1154.jpg 768w, http:\/\/www.meike-fischer.de\/wp-content\/uploads\/2023\/08\/meike-fischer-_DSC7449-1022x1536.jpg 1022w, http:\/\/www.meike-fischer.de\/wp-content\/uploads\/2023\/08\/meike-fischer-_DSC7449-1363x2048.jpg 1363w, http:\/\/www.meike-fischer.de\/wp-content\/uploads\/2023\/08\/meike-fischer-_DSC7449-1568x2356.jpg 1568w, http:\/\/www.meike-fischer.de\/wp-content\/uploads\/2023\/08\/meike-fischer-_DSC7449-scaled.jpg 1703w\" sizes=\"auto, (max-width: 681px) 100vw, 681px\" \/><figcaption class=\"wp-element-caption\">AFE-Turm, wenige Tage vor der Sprengung, Frankfurt, , 2014<\/figcaption><\/figure>\n\n\n\n<figure class=\"wp-block-image size-large\"><img loading=\"lazy\" decoding=\"async\" width=\"681\" height=\"1024\" src=\"http:\/\/www.meike-fischer.de\/wp-content\/uploads\/2023\/08\/meike-fischer-_DSC7467-681x1024.jpg\" alt=\"\" class=\"wp-image-601\" srcset=\"http:\/\/www.meike-fischer.de\/wp-content\/uploads\/2023\/08\/meike-fischer-_DSC7467-681x1024.jpg 681w, http:\/\/www.meike-fischer.de\/wp-content\/uploads\/2023\/08\/meike-fischer-_DSC7467-200x300.jpg 200w, http:\/\/www.meike-fischer.de\/wp-content\/uploads\/2023\/08\/meike-fischer-_DSC7467-768x1154.jpg 768w, http:\/\/www.meike-fischer.de\/wp-content\/uploads\/2023\/08\/meike-fischer-_DSC7467-1022x1536.jpg 1022w, http:\/\/www.meike-fischer.de\/wp-content\/uploads\/2023\/08\/meike-fischer-_DSC7467-1363x2048.jpg 1363w, http:\/\/www.meike-fischer.de\/wp-content\/uploads\/2023\/08\/meike-fischer-_DSC7467-1568x2356.jpg 1568w, http:\/\/www.meike-fischer.de\/wp-content\/uploads\/2023\/08\/meike-fischer-_DSC7467.jpg 1649w\" sizes=\"auto, (max-width: 681px) 100vw, 681px\" \/><figcaption class=\"wp-element-caption\">Sprengung AFE-Turm, Frankfurt, 2014 \/ Sammlung Historisches Museum Frankfurt<\/figcaption><\/figure>\n\n\n\n<figure class=\"wp-block-image size-large\"><img loading=\"lazy\" decoding=\"async\" width=\"681\" height=\"1024\" src=\"http:\/\/www.meike-fischer.de\/wp-content\/uploads\/2023\/08\/meike-fischer-_DSC7471-681x1024.jpg\" alt=\"\" class=\"wp-image-607\" srcset=\"http:\/\/www.meike-fischer.de\/wp-content\/uploads\/2023\/08\/meike-fischer-_DSC7471-681x1024.jpg 681w, http:\/\/www.meike-fischer.de\/wp-content\/uploads\/2023\/08\/meike-fischer-_DSC7471-200x300.jpg 200w, http:\/\/www.meike-fischer.de\/wp-content\/uploads\/2023\/08\/meike-fischer-_DSC7471-768x1154.jpg 768w, http:\/\/www.meike-fischer.de\/wp-content\/uploads\/2023\/08\/meike-fischer-_DSC7471-1022x1536.jpg 1022w, http:\/\/www.meike-fischer.de\/wp-content\/uploads\/2023\/08\/meike-fischer-_DSC7471-1363x2048.jpg 1363w, http:\/\/www.meike-fischer.de\/wp-content\/uploads\/2023\/08\/meike-fischer-_DSC7471.jpg 1434w\" sizes=\"auto, (max-width: 681px) 100vw, 681px\" \/><figcaption class=\"wp-element-caption\">AFE-Turm, Frankfurt, 2014 \/ Sammlung Historisches Museum Frankfurt<\/figcaption><\/figure>\n\n\n\n<hr class=\"wp-block-separator has-alpha-channel-opacity\"\/>\n\n\n\n<figure class=\"wp-block-gallery alignwide has-nested-images columns-default is-cropped wp-block-gallery-2 is-layout-flex wp-block-gallery-is-layout-flex\">\n<figure class=\"wp-block-image size-full\"><img loading=\"lazy\" decoding=\"async\" width=\"738\" height=\"508\" data-id=\"253\" src=\"http:\/\/www.meike-fischer.de\/wp-content\/uploads\/2023\/06\/meike-fischer-abriss-frankfurt-11.png\" alt=\"\" class=\"wp-image-253\" srcset=\"http:\/\/www.meike-fischer.de\/wp-content\/uploads\/2023\/06\/meike-fischer-abriss-frankfurt-11.png 738w, http:\/\/www.meike-fischer.de\/wp-content\/uploads\/2023\/06\/meike-fischer-abriss-frankfurt-11-300x207.png 300w\" sizes=\"auto, (max-width: 738px) 100vw, 738px\" \/><\/figure>\n\n\n\n<figure class=\"wp-block-image size-full\"><img loading=\"lazy\" decoding=\"async\" width=\"597\" height=\"397\" data-id=\"254\" src=\"http:\/\/www.meike-fischer.de\/wp-content\/uploads\/2023\/06\/meike-fischer-abriss-frankfurt-10.png\" alt=\"\" class=\"wp-image-254\" srcset=\"http:\/\/www.meike-fischer.de\/wp-content\/uploads\/2023\/06\/meike-fischer-abriss-frankfurt-10.png 597w, http:\/\/www.meike-fischer.de\/wp-content\/uploads\/2023\/06\/meike-fischer-abriss-frankfurt-10-300x199.png 300w\" sizes=\"auto, (max-width: 597px) 100vw, 597px\" \/><\/figure>\n<\/figure>\n\n\n\n<figure class=\"wp-block-image alignwide size-large\"><img loading=\"lazy\" decoding=\"async\" width=\"1024\" height=\"679\" src=\"http:\/\/www.meike-fischer.de\/wp-content\/uploads\/2023\/06\/meike-fischer-abriss-frankfurt-8-1024x679.png\" alt=\"\" class=\"wp-image-238\" srcset=\"http:\/\/www.meike-fischer.de\/wp-content\/uploads\/2023\/06\/meike-fischer-abriss-frankfurt-8-1024x679.png 1024w, http:\/\/www.meike-fischer.de\/wp-content\/uploads\/2023\/06\/meike-fischer-abriss-frankfurt-8-300x199.png 300w, http:\/\/www.meike-fischer.de\/wp-content\/uploads\/2023\/06\/meike-fischer-abriss-frankfurt-8-768x509.png 768w, http:\/\/www.meike-fischer.de\/wp-content\/uploads\/2023\/06\/meike-fischer-abriss-frankfurt-8.png 1351w\" sizes=\"auto, (max-width: 1024px) 100vw, 1024px\" \/><\/figure>\n\n\n\n<figure class=\"wp-block-gallery alignwide has-nested-images columns-1 is-cropped wp-block-gallery-3 is-layout-flex wp-block-gallery-is-layout-flex\" style=\"padding-top:var(--wp--preset--spacing--30);padding-right:var(--wp--preset--spacing--30);padding-bottom:var(--wp--preset--spacing--30);padding-left:var(--wp--preset--spacing--30)\">\n<figure class=\"wp-block-image size-large\"><img loading=\"lazy\" decoding=\"async\" width=\"1024\" height=\"705\" data-id=\"159\" src=\"http:\/\/www.meike-fischer.de\/wp-content\/uploads\/2022\/12\/meike-fischer-_DSC06034-1859x1280-2-1024x705.jpg\" alt=\"\" class=\"wp-image-159\" srcset=\"http:\/\/www.meike-fischer.de\/wp-content\/uploads\/2022\/12\/meike-fischer-_DSC06034-1859x1280-2-1024x705.jpg 1024w, http:\/\/www.meike-fischer.de\/wp-content\/uploads\/2022\/12\/meike-fischer-_DSC06034-1859x1280-2-300x207.jpg 300w, http:\/\/www.meike-fischer.de\/wp-content\/uploads\/2022\/12\/meike-fischer-_DSC06034-1859x1280-2-768x529.jpg 768w, http:\/\/www.meike-fischer.de\/wp-content\/uploads\/2022\/12\/meike-fischer-_DSC06034-1859x1280-2-1536x1058.jpg 1536w, http:\/\/www.meike-fischer.de\/wp-content\/uploads\/2022\/12\/meike-fischer-_DSC06034-1859x1280-2-1568x1080.jpg 1568w, http:\/\/www.meike-fischer.de\/wp-content\/uploads\/2022\/12\/meike-fischer-_DSC06034-1859x1280-2.jpg 1859w\" sizes=\"auto, (max-width: 1024px) 100vw, 1024px\" \/><\/figure>\n<\/figure>\n","protected":false},"excerpt":{"rendered":"<p>Die Langzeitdokumentation &#8222;Abriss Frankfurt&#8220; erforscht mit fotografischen Mitteln den st\u00e4dtebaulichen Wandel und die Gentrifizierung im urbanen Raum in Frankfurt am Main. Fotografien verschiedener Themenschwerpunkte aus dieser Serie (u. a. der Umbau der ehemalige Gro\u00dfmarkthalle) befinden sich in der Sammlung des Historischen Museums Frankfurt und wurden dort bereits mehrfach in Ausstellungen pr\u00e4sentiert. &#8222;Baustelle Frankfurt&#8220; (Fotografien aus&hellip; <a class=\"more-link\" href=\"http:\/\/www.meike-fischer.de\/?page_id=248\"><span class=\"screen-reader-text\">Abriss Frankfurt<\/span> weiterlesen<\/a><\/p>\n","protected":false},"author":1,"featured_media":0,"parent":0,"menu_order":0,"comment_status":"closed","ping_status":"closed","template":"","meta":{"footnotes":""},"class_list":["post-248","page","type-page","status-publish","hentry","entry"],"_links":{"self":[{"href":"http:\/\/www.meike-fischer.de\/index.php?rest_route=\/wp\/v2\/pages\/248","targetHints":{"allow":["GET"]}}],"collection":[{"href":"http:\/\/www.meike-fischer.de\/index.php?rest_route=\/wp\/v2\/pages"}],"about":[{"href":"http:\/\/www.meike-fischer.de\/index.php?rest_route=\/wp\/v2\/types\/page"}],"author":[{"embeddable":true,"href":"http:\/\/www.meike-fischer.de\/index.php?rest_route=\/wp\/v2\/users\/1"}],"replies":[{"embeddable":true,"href":"http:\/\/www.meike-fischer.de\/index.php?rest_route=%2Fwp%2Fv2%2Fcomments&post=248"}],"version-history":[{"count":27,"href":"http:\/\/www.meike-fischer.de\/index.php?rest_route=\/wp\/v2\/pages\/248\/revisions"}],"predecessor-version":[{"id":1054,"href":"http:\/\/www.meike-fischer.de\/index.php?rest_route=\/wp\/v2\/pages\/248\/revisions\/1054"}],"wp:attachment":[{"href":"http:\/\/www.meike-fischer.de\/index.php?rest_route=%2Fwp%2Fv2%2Fmedia&parent=248"}],"curies":[{"name":"wp","href":"https:\/\/api.w.org\/{rel}","templated":true}]}}